{"id":502,"date":"2012-05-22T06:14:25","date_gmt":"2012-05-22T06:14:25","guid":{"rendered":"http:\/\/www.bonn-kocht.de\/?page_id=502"},"modified":"2023-02-23T16:48:58","modified_gmt":"2023-02-23T16:48:58","slug":"rezepte-a-z","status":"publish","type":"page","link":"http:\/\/www.bonn-kocht.de\/?page_id=502","title":{"rendered":"Rezepte A-Z"},"content":{"rendered":"<h1><a href=\"http:\/\/www.bonn-kocht.de\/?p=2135\"><strong>A<\/strong><\/a><\/h1>\n<h1><a href=\"http:\/\/www.bonn-kocht.de\/?p=2349\">Ananas-Quark-Traum<\/a><\/h1>\n<h1><a href=\"http:\/\/www.bonn-kocht.de\/?p=2135\"><strong>B<\/strong><\/a><\/h1>\n<h1><a href=\"http:\/\/www.bonn-kocht.de\/?p=1853\"><strong>Bettinas superschneller Variationskuchen<\/strong><\/a><\/h1>\n<h1><a href=\"http:\/\/www.bonn-kocht.de\/?p=1730\"><strong>Bl\u00e4tterteigsonne<\/strong><\/a><\/h1>\n<h1><a href=\"http:\/\/www.bonn-kocht.de\/?p=848\"><strong>Brezelkn\u00f6del<\/strong><\/a><\/h1>\n<h1><a href=\"http:\/\/www.bonn-kocht.de\/?p=1725\"><strong>Bruschetta<\/strong><\/a><\/h1>\n<p><a href=\"http:\/\/www.bonn-kocht.de\/?p=2395\" target=\"_blank\" rel=\"noopener\"><strong>B\u00fbche de No\u00ebl<\/strong><\/a><\/p>\n<h1><strong>C<\/strong><\/h1>\n<h1><a href=\"http:\/\/www.bonn-kocht.de\/?p=1863\"><strong>Cipolle Gratinate<\/strong><\/a><\/h1>\n<h1><\/h1>\n<h1><strong>E<\/strong><\/h1>\n<h1><a href=\"http:\/\/www.bonn-kocht.de\/?p=711\"><strong>Eclairs mit Schokoladenf\u00fcllung<\/strong><\/a><\/h1>\n<h1><a href=\"http:\/\/www.bonn-kocht.de\/?p=2054\"><strong>Eierpunsch mal anders<\/strong><\/a><\/h1>\n<p><strong><a href=\"http:\/\/www.bonn-kocht.de\/?p=2381\">Enzianschnaps: Pimp up your Korn<\/a><\/strong><\/p>\n<h1><\/h1>\n<h1><strong>G<\/strong><\/h1>\n<h1><a href=\"http:\/\/www.bonn-kocht.de\/?p=2309\">Garam Masala &#8211; Gew\u00fcrzmischung<\/a><\/h1>\n<h1><a href=\"http:\/\/www.bonn-kocht.de\/?p=1198\"><strong>Gebratene Nudeln mit Sesam<\/strong><\/a><\/h1>\n<p><a href=\"http:\/\/www.bonn-kocht.de\/?p=2143\"><strong>Gelbe Linsensuppe<\/strong><\/a><\/p>\n<h1><a href=\"http:\/\/www.bonn-kocht.de\/?p=1785\"><strong>Grillgem\u00fcse &#8211; bunt und lecker<\/strong><\/a><\/h1>\n<h1><\/h1>\n<h1><strong>H<\/strong><\/h1>\n<h1><a href=\"http:\/\/www.bonn-kocht.de\/?p=2118\"><strong>H\u00e4hnchenkeulen in s\u00fc\u00dflich-herzhafter Guinnessauce<\/strong><\/a><\/h1>\n<h1><a href=\"http:\/\/www.bonn-kocht.de\/?p=1226\"><strong>Holunderbl\u00fctensirup<\/strong><\/a><\/h1>\n<h1><a href=\"http:\/\/www.bonn-kocht.de\/?p=471\"><strong>Hugo<\/strong><\/a><\/h1>\n<h1><a href=\"http:\/\/www.bonn-kocht.de\/?p=1622\"><strong>H\u00fchnerbrust im Wasabimantel auf Wokgem\u00fcse<\/strong><\/a><\/h1>\n<p><a href=\"http:\/\/www.bonn-kocht.de\/?p=2465\"><strong>Hummus mit Roter Bete<\/strong><\/a><\/p>\n<h1><\/h1>\n<h1><strong>I<\/strong><\/h1>\n<h1><a href=\"http:\/\/www.bonn-kocht.de\/?p=566\"><strong>\u00cele Flottante<\/strong><\/a><\/h1>\n<p><strong>K<\/strong><\/p>\n<h1><a href=\"http:\/\/www.bonn-kocht.de\/?p=1970\"><strong>Karamell blitzschnell<\/strong><\/a><\/h1>\n<h1><a href=\"http:\/\/www.bonn-kocht.de\/?p=695\"><strong>Kirschcreme mit Frischk\u00e4se<\/strong><\/a><\/h1>\n<p><strong>L<\/strong><\/p>\n<p><strong><a href=\"http:\/\/www.bonn-kocht.de\/?p=2322\">Lamm Rogan Josh<\/a><\/strong><\/p>\n<p><a href=\"http:\/\/www.bonn-kocht.de\/?p=593\"><strong>Lemon Curd<\/strong><\/a><\/p>\n<h1><a href=\"http:\/\/www.bonn-kocht.de\/?p=1250\"><strong>Lillet Berry<\/strong><\/a><\/h1>\n<h1><\/h1>\n<h1><\/h1>\n<h1><strong>M<\/strong><\/h1>\n<p><a href=\"http:\/\/www.bonn-kocht.de\/?p=1764\"><strong>Madeleines<\/strong><\/a><\/p>\n<p><a href=\"http:\/\/www.bonn-kocht.de\/?p=732\"><strong>Mille-feuilles, Bl\u00e4tterteig mit Vanillecreme<\/strong><\/a><\/p>\n<p><a href=\"http:\/\/www.bonn-kocht.de\/?p=488\"><strong>Mousse au Chocolat<\/strong><\/a><\/p>\n<p><a href=\"http:\/\/www.bonn-kocht.de\/?p=1805\"><strong>Mozzarella-Hackb\u00e4llchen-Auflauf<\/strong><\/a><\/p>\n<h1><a href=\"http:\/\/www.bonn-kocht.de\/?p=516\"><strong>Mozzarella mit Zitrone<\/strong><\/a><\/h1>\n<p><strong>O<\/strong><\/p>\n<p><a href=\"http:\/\/www.bonn-kocht.de\/?p=2148\"><strong>Ofen-Lachs mit Herkunft<\/strong><\/a><\/p>\n<p><strong>P<\/strong><\/p>\n<h1><a href=\"http:\/\/www.bonn-kocht.de\/?p=1382\"><strong>Pancakes \u2013 wie in Amerika<\/strong><\/a><\/h1>\n<p style=\"text-align: left;\"><a href=\"http:\/\/www.bonn-kocht.de\/?p=2135\"><strong>Panzanella, ein Toskanischer Brotsalat<\/strong><\/a><\/p>\n<p style=\"text-align: left;\"><a href=\"http:\/\/www.bonn-kocht.de\/?p=540\"><strong>Pommes frites (Fritteuse)<\/strong><\/a><\/p>\n<p><strong>R<\/strong><\/p>\n<h1><a href=\"http:\/\/www.bonn-kocht.de\/?p=2139\">Rhabarberkuchen mit inneren Werten<\/a><\/h1>\n<h1><a href=\"http:\/\/www.bonn-kocht.de\/?p=848\"><strong>Reh<\/strong><strong>medaillons mit glasierten Kirschen<\/strong><\/a><\/h1>\n<h1><a href=\"http:\/\/www.bonn-kocht.de\/?p=800\"><strong>Rinderleber mit \u00c4pfeln und Zwiebeln<\/strong><\/a><\/h1>\n<p><a href=\"http:\/\/www.bonn-kocht.de\/?p=2018\"><strong>Romanescopasta mit Asiagem\u00fcse und Kokos-Erdnusssauce<\/strong><\/a><\/p>\n<p><strong>S<\/strong><\/p>\n<h1><a href=\"http:\/\/www.bonn-kocht.de\/?p=624\"><strong>Salat mit Melone und Schafsk\u00e4se<\/strong><\/a><\/h1>\n<p><a href=\"http:\/\/www.bonn-kocht.de\/?p=2203\"><strong>Spargel-Risotto mit Chorizo<\/strong><\/a><\/p>\n<p><a href=\"http:\/\/www.bonn-kocht.de\/?p=2203\"><strong>Spinat-Frittata mit Parmaschinken<\/strong><\/a><\/p>\n<p><strong>T<\/strong><\/p>\n<p><a href=\"http:\/\/www.bonn-kocht.de\/?p=1858\"><strong>Tartelettes far breton<\/strong><\/a><\/p>\n<p><a href=\"http:\/\/www.bonn-kocht.de\/?p=2435\"><strong>Tartiflette wie in den Bergen<\/strong><\/a><\/p>\n<p><strong><a href=\"http:\/\/www.bonn-kocht.de\/?p=2322\">Tibetische Chillisauce (Dip f\u00fcr die Momos)<\/a><\/strong><\/p>\n<p><strong><a href=\"http:\/\/www.bonn-kocht.de\/?p=2322\">Tibetische Teigtaschen aus dem Gartopf (Momos)<\/a><\/strong><\/p>\n<p><strong>W<\/strong><\/p>\n<h1><a href=\"http:\/\/www.bonn-kocht.de\/?p=960\"><strong>Wiener Schnitzel<\/strong><\/a><\/h1>\n<h1><a href=\"http:\/\/www.bonn-kocht.de\/?p=848\"><strong>Wildkr\u00e4utersalat<\/strong><\/a><\/h1>\n","protected":false},"excerpt":{"rendered":"<p>A Ananas-Quark-Traum B Bettinas superschneller Variationskuchen Bl\u00e4tterteigsonne Brezelkn\u00f6del Bruschetta B\u00fbche de No\u00ebl C Cipolle Gratinate E Eclairs mit Schokoladenf\u00fcllung Eierpunsch mal anders Enzianschnaps: Pimp up your Korn G Garam Masala &#8211; Gew\u00fcrzmischung Gebratene Nudeln mit Sesam Gelbe Linsensuppe Grillgem\u00fcse &#8211; &hellip; <a href=\"http:\/\/www.bonn-kocht.de\/?page_id=502\">Weiterlesen <span class=\"meta-nav\">&rarr;<\/span><\/a><\/p>\n","protected":false},"author":1,"featured_media":0,"parent":425,"menu_order":0,"comment_status":"closed","ping_status":"closed","template":"","meta":{"_coblocks_attr":"","_coblocks_dimensions":"","_coblocks_responsive_height":"","_coblocks_accordion_ie_support":"","om_disable_all_campaigns":false,"_monsterinsights_skip_tracking":false,"_monsterinsights_sitenote_active":false,"_monsterinsights_sitenote_note":"","_monsterinsights_sitenote_category":0,"_s2mail":"yes"},"aioseo_notices":[],"_links":{"self":[{"href":"http:\/\/www.bonn-kocht.de\/index.php?rest_route=\/wp\/v2\/pages\/502"}],"collection":[{"href":"http:\/\/www.bonn-kocht.de\/index.php?rest_route=\/wp\/v2\/pages"}],"about":[{"href":"http:\/\/www.bonn-kocht.de\/index.php?rest_route=\/wp\/v2\/types\/page"}],"author":[{"embeddable":true,"href":"http:\/\/www.bonn-kocht.de\/index.php?rest_route=\/wp\/v2\/users\/1"}],"replies":[{"embeddable":true,"href":"http:\/\/www.bonn-kocht.de\/index.php?rest_route=%2Fwp%2Fv2%2Fcomments&post=502"}],"version-history":[{"count":73,"href":"http:\/\/www.bonn-kocht.de\/index.php?rest_route=\/wp\/v2\/pages\/502\/revisions"}],"predecessor-version":[{"id":2474,"href":"http:\/\/www.bonn-kocht.de\/index.php?rest_route=\/wp\/v2\/pages\/502\/revisions\/2474"}],"up":[{"embeddable":true,"href":"http:\/\/www.bonn-kocht.de\/index.php?rest_route=\/wp\/v2\/pages\/425"}],"wp:attachment":[{"href":"http:\/\/www.bonn-kocht.de\/index.php?rest_route=%2Fwp%2Fv2%2Fmedia&parent=502"}],"curies":[{"name":"wp","href":"https:\/\/api.w.org\/{rel}","templated":true}]}}