{"id":280,"date":"2012-04-25T07:46:42","date_gmt":"2012-04-25T07:46:42","guid":{"rendered":"http:\/\/www.bonn-kocht.de\/?page_id=280"},"modified":"2013-08-04T19:59:45","modified_gmt":"2013-08-04T19:59:45","slug":"weisswein","status":"publish","type":"page","link":"http:\/\/www.bonn-kocht.de\/?page_id=280","title":{"rendered":"Die Welt im Wein steht Kopf"},"content":{"rendered":"<p>Herrlich, wenn es drau\u00dfen hei\u00df ist und ein k\u00fchler Wei\u00dfwein ins Glas flie\u00dft. Anstatt zu tief ins Glas zu schauen, sehen wir lieber hindurch. Siehe da, die Welt steht auf dem Kopf.<br \/>\nHier findet sich eine wachsende Anzahl von Weinansichten. Wer selbst solche Fotos geschossen hat, kann sie gerne an\u00a0<a href=\"mailto: info@bonn-kocht.de\" target=\"_blank\">info@bonn-kocht.de<\/a> schicken. Sie werden dann hier ver\u00f6ffentlicht.<\/p>\n<p><span style=\"color: #993300;\"><strong><span style=\"font-size: large;\">Der Bilderbogen<\/span><\/strong><\/span><\/p>\n\r\n<div class=\"ngg-galleryoverview\" id=\"ngg-gallery-1-280\">\r\n\r\n\t<!-- Slideshow link -->\r\n\t<div class=\"slideshowlink\">\r\n\t\t<a class=\"slideshowlink\" href=\"http:\/\/www.bonn-kocht.de\/?page_id=280&amp;show=slide\">\r\n\t\t\t[Show as slideshow]\t\t<\/a>\r\n\t<\/div>\r\n\r\n\t\r\n\t<!-- Thumbnails -->\r\n\t\t\r\n\t<div id=\"ngg-image-76\" class=\"ngg-gallery-thumbnail-box\"  >\r\n\t\t<div class=\"ngg-gallery-thumbnail\" >\r\n\t\t\t<a href=\"http:\/\/www.bonn-kocht.de\/wp-content\/gallery\/weinglaeser\/strand-st-gilles.jpg\" title=\" &lt;span style=&quot;font-size: xx-small;&quot;&gt;Strand Saint Gilles Croix de Vie&lt;\/span&gt;\" class=\"shutterset_set_1\" >\r\n\t\t\t\t\t\t\t\t<img title=\"Saint Gilles Croix de Vie\" alt=\"Saint Gilles Croix de Vie\" src=\"http:\/\/www.bonn-kocht.de\/wp-content\/gallery\/weinglaeser\/thumbs\/thumbs_strand-st-gilles.jpg\" width=\"100\" height=\"75\" \/>\r\n\t\t\t\t\t\t\t<\/a>\r\n\t\t\t<span> <span style=\"font-size: xx-small;\">Strand Saint Gilles Croix de Vie<\/span><\/span>\r\n\t\t<\/div>\r\n\t<\/div>\r\n\t\t \t\t\r\n\t<div id=\"ngg-image-75\" class=\"ngg-gallery-thumbnail-box\"  >\r\n\t\t<div class=\"ngg-gallery-thumbnail\" >\r\n\t\t\t<a href=\"http:\/\/www.bonn-kocht.de\/wp-content\/gallery\/weinglaeser\/wein-drachenfels2.jpg\" title=\"&lt;span style=&quot;font-size: xx-small;&quot;&gt;Drachenfels, ...mal so&lt;\/span&gt;\" class=\"shutterset_set_1\" >\r\n\t\t\t\t\t\t\t\t<img title=\"wein-drachenfels2\" alt=\"wein-drachenfels2\" src=\"http:\/\/www.bonn-kocht.de\/wp-content\/gallery\/weinglaeser\/thumbs\/thumbs_wein-drachenfels2.jpg\" width=\"100\" height=\"75\" \/>\r\n\t\t\t\t\t\t\t<\/a>\r\n\t\t\t<span><span style=\"font-size: xx-small;\">Drachenfels, ...mal so<\/span><\/span>\r\n\t\t<\/div>\r\n\t<\/div>\r\n\t\t \t\t\r\n\t<div id=\"ngg-image-74\" class=\"ngg-gallery-thumbnail-box\"  >\r\n\t\t<div class=\"ngg-gallery-thumbnail\" >\r\n\t\t\t<a href=\"http:\/\/www.bonn-kocht.de\/wp-content\/gallery\/weinglaeser\/wein-drachenfels.jpg\" title=\"&lt;span style=&quot;font-size: xx-small;&quot;&gt;Drachenfels, mal so...&lt;\/span&gt;\" class=\"shutterset_set_1\" >\r\n\t\t\t\t\t\t\t\t<img title=\"wein-drachenfels\" alt=\"wein-drachenfels\" src=\"http:\/\/www.bonn-kocht.de\/wp-content\/gallery\/weinglaeser\/thumbs\/thumbs_wein-drachenfels.jpg\" width=\"100\" height=\"75\" \/>\r\n\t\t\t\t\t\t\t<\/a>\r\n\t\t\t<span><span style=\"font-size: xx-small;\">Drachenfels, mal so...<\/span><\/span>\r\n\t\t<\/div>\r\n\t<\/div>\r\n\t\t \t\t\r\n\t<div id=\"ngg-image-73\" class=\"ngg-gallery-thumbnail-box\"  >\r\n\t\t<div class=\"ngg-gallery-thumbnail\" >\r\n\t\t\t<a href=\"http:\/\/www.bonn-kocht.de\/wp-content\/gallery\/weinglaeser\/wein-brille.jpg\" title=\"&lt;span style=&quot;font-size: xx-small;&quot;&gt;Terrasse, Poppelsdorf&lt;\/span&gt;\" class=\"shutterset_set_1\" >\r\n\t\t\t\t\t\t\t\t<img title=\"wein-brille\" alt=\"wein-brille\" src=\"http:\/\/www.bonn-kocht.de\/wp-content\/gallery\/weinglaeser\/thumbs\/thumbs_wein-brille.jpg\" width=\"100\" height=\"75\" \/>\r\n\t\t\t\t\t\t\t<\/a>\r\n\t\t\t<span><span style=\"font-size: xx-small;\">Terrasse, Poppelsdorf<\/span><\/span>\r\n\t\t<\/div>\r\n\t<\/div>\r\n\t\t \t\t\r\n\t<div id=\"ngg-image-72\" class=\"ngg-gallery-thumbnail-box\"  >\r\n\t\t<div class=\"ngg-gallery-thumbnail\" >\r\n\t\t\t<a href=\"http:\/\/www.bonn-kocht.de\/wp-content\/gallery\/weinglaeser\/weisswein-schweiz.jpg\" title=\"&lt;span style=&quot;font-size: xx-small;&quot;&gt;Grindelwand, Schweiz&lt;\/span&gt;\" class=\"shutterset_set_1\" >\r\n\t\t\t\t\t\t\t\t<img title=\"weisswein-schweiz\" alt=\"weisswein-schweiz\" src=\"http:\/\/www.bonn-kocht.de\/wp-content\/gallery\/weinglaeser\/thumbs\/thumbs_weisswein-schweiz.jpg\" width=\"100\" height=\"75\" \/>\r\n\t\t\t\t\t\t\t<\/a>\r\n\t\t\t<span><span style=\"font-size: xx-small;\">Grindelwand, Schweiz<\/span><\/span>\r\n\t\t<\/div>\r\n\t<\/div>\r\n\t\t \t\t\r\n\t<div id=\"ngg-image-3\" class=\"ngg-gallery-thumbnail-box\"  >\r\n\t\t<div class=\"ngg-gallery-thumbnail\" >\r\n\t\t\t<a href=\"http:\/\/www.bonn-kocht.de\/wp-content\/gallery\/weinglaeser\/sdc10470_2.jpg\" title=\"&lt;span style=&quot;font-size: xx-small;&quot;&gt;Wedelh\u00fctte Kaltenbach&lt;\/span&gt;\" class=\"shutterset_set_1\" >\r\n\t\t\t\t\t\t\t\t<img title=\"Wedelh\u00fctte Kaltenbach\" alt=\"Wedelh\u00fctte Kaltenbach\" src=\"http:\/\/www.bonn-kocht.de\/wp-content\/gallery\/weinglaeser\/thumbs\/thumbs_sdc10470_2.jpg\" width=\"100\" height=\"75\" \/>\r\n\t\t\t\t\t\t\t<\/a>\r\n\t\t\t<span><span style=\"font-size: xx-small;\">Wedelh\u00fctte Kaltenbach<\/span><\/span>\r\n\t\t<\/div>\r\n\t<\/div>\r\n\t\t \t\t\r\n\t<div id=\"ngg-image-1\" class=\"ngg-gallery-thumbnail-box\"  >\r\n\t\t<div class=\"ngg-gallery-thumbnail\" >\r\n\t\t\t<a href=\"http:\/\/www.bonn-kocht.de\/wp-content\/gallery\/weinglaeser\/sdc10407.jpg\" title=\"&lt;span style=&quot;font-size: xx-small;&quot;&gt;Kristallh\u00fctte Kaltenbach&lt;\/span&gt;\" class=\"shutterset_set_1\" >\r\n\t\t\t\t\t\t\t\t<img title=\"&lt;SAMSUNG DIGITAL CAMERA&gt;\" alt=\"&lt;SAMSUNG DIGITAL CAMERA&gt;\" src=\"http:\/\/www.bonn-kocht.de\/wp-content\/gallery\/weinglaeser\/thumbs\/thumbs_sdc10407.jpg\" width=\"100\" height=\"75\" \/>\r\n\t\t\t\t\t\t\t<\/a>\r\n\t\t\t<span><span style=\"font-size: xx-small;\">Kristallh\u00fctte Kaltenbach<\/span><\/span>\r\n\t\t<\/div>\r\n\t<\/div>\r\n\t\t \t\t\r\n\t<div id=\"ngg-image-26\" class=\"ngg-gallery-thumbnail-box\"  >\r\n\t\t<div class=\"ngg-gallery-thumbnail\" >\r\n\t\t\t<a href=\"http:\/\/www.bonn-kocht.de\/wp-content\/gallery\/weinglaeser\/drachenfels.jpg\" title=\"&lt;span style=&quot;font-size: xx-small;&quot;&gt;Siebengebirge&lt;\/span&gt;\" class=\"shutterset_set_1\" >\r\n\t\t\t\t\t\t\t\t<img title=\"drachenfels\" alt=\"drachenfels\" src=\"http:\/\/www.bonn-kocht.de\/wp-content\/gallery\/weinglaeser\/thumbs\/thumbs_drachenfels.jpg\" width=\"100\" height=\"75\" \/>\r\n\t\t\t\t\t\t\t<\/a>\r\n\t\t\t<span><span style=\"font-size: xx-small;\">Siebengebirge<\/span><\/span>\r\n\t\t<\/div>\r\n\t<\/div>\r\n\t\t \t\t\r\n\t<div id=\"ngg-image-49\" class=\"ngg-gallery-thumbnail-box\"  >\r\n\t\t<div class=\"ngg-gallery-thumbnail\" >\r\n\t\t\t<a href=\"http:\/\/www.bonn-kocht.de\/wp-content\/gallery\/weinglaeser\/wein_st-hilaire.jpg\" title=\"&lt;span style=&quot;font-size: xx-small;&quot;&gt;Saint-Hilaire-de-Riez&lt;\/span&gt;\" class=\"shutterset_set_1\" >\r\n\t\t\t\t\t\t\t\t<img title=\"wein_st-hilaire\" alt=\"wein_st-hilaire\" src=\"http:\/\/www.bonn-kocht.de\/wp-content\/gallery\/weinglaeser\/thumbs\/thumbs_wein_st-hilaire.jpg\" width=\"100\" height=\"75\" \/>\r\n\t\t\t\t\t\t\t<\/a>\r\n\t\t\t<span><span style=\"font-size: xx-small;\">Saint-Hilaire-de-Riez<\/span><\/span>\r\n\t\t<\/div>\r\n\t<\/div>\r\n\t\t \t\t\r\n\t<div id=\"ngg-image-53\" class=\"ngg-gallery-thumbnail-box\"  >\r\n\t\t<div class=\"ngg-gallery-thumbnail\" >\r\n\t\t\t<a href=\"http:\/\/www.bonn-kocht.de\/wp-content\/gallery\/weinglaeser\/wein-landeck.jpg\" title=\"&lt;span style=&quot;font-size: xx-small;&quot;&gt;Burg Landeck&lt;\/span&gt;\" class=\"shutterset_set_1\" >\r\n\t\t\t\t\t\t\t\t<img title=\"&lt;SAMSUNG DIGITAL CAMERA&gt;\" alt=\"&lt;SAMSUNG DIGITAL CAMERA&gt;\" src=\"http:\/\/www.bonn-kocht.de\/wp-content\/gallery\/weinglaeser\/thumbs\/thumbs_wein-landeck.jpg\" width=\"100\" height=\"75\" \/>\r\n\t\t\t\t\t\t\t<\/a>\r\n\t\t\t<span><span style=\"font-size: xx-small;\">Burg Landeck<\/span><\/span>\r\n\t\t<\/div>\r\n\t<\/div>\r\n\t\t \t\t\r\n\t<div id=\"ngg-image-54\" class=\"ngg-gallery-thumbnail-box\"  >\r\n\t\t<div class=\"ngg-gallery-thumbnail\" >\r\n\t\t\t<a href=\"http:\/\/www.bonn-kocht.de\/wp-content\/gallery\/weinglaeser\/wein-peter.jpg\" title=\"&lt;span style=&quot;font-size: xx-small;&quot;&gt;Peter&lt;\/span&gt;\" class=\"shutterset_set_1\" >\r\n\t\t\t\t\t\t\t\t<img title=\"&lt;SAMSUNG DIGITAL CAMERA&gt;\" alt=\"&lt;SAMSUNG DIGITAL CAMERA&gt;\" src=\"http:\/\/www.bonn-kocht.de\/wp-content\/gallery\/weinglaeser\/thumbs\/thumbs_wein-peter.jpg\" width=\"100\" height=\"75\" \/>\r\n\t\t\t\t\t\t\t<\/a>\r\n\t\t\t<span><span style=\"font-size: xx-small;\">Peter<\/span><\/span>\r\n\t\t<\/div>\r\n\t<\/div>\r\n\t\t \t\t\r\n\t<div id=\"ngg-image-55\" class=\"ngg-gallery-thumbnail-box\"  >\r\n\t\t<div class=\"ngg-gallery-thumbnail\" >\r\n\t\t\t<a href=\"http:\/\/www.bonn-kocht.de\/wp-content\/gallery\/weinglaeser\/wein-pleisweiler.jpg\" title=\"&lt;span style=&quot;font-size: xx-small;&quot;&gt;Pleisweiler&lt;\/span&gt;\" class=\"shutterset_set_1\" >\r\n\t\t\t\t\t\t\t\t<img title=\"&lt;SAMSUNG DIGITAL CAMERA&gt;\" alt=\"&lt;SAMSUNG DIGITAL CAMERA&gt;\" src=\"http:\/\/www.bonn-kocht.de\/wp-content\/gallery\/weinglaeser\/thumbs\/thumbs_wein-pleisweiler.jpg\" width=\"100\" height=\"75\" \/>\r\n\t\t\t\t\t\t\t<\/a>\r\n\t\t\t<span><span style=\"font-size: xx-small;\">Pleisweiler<\/span><\/span>\r\n\t\t<\/div>\r\n\t<\/div>\r\n\t\t \t\t\r\n\t<div id=\"ngg-image-2\" class=\"ngg-gallery-thumbnail-box\"  >\r\n\t\t<div class=\"ngg-gallery-thumbnail\" >\r\n\t\t\t<a href=\"http:\/\/www.bonn-kocht.de\/wp-content\/gallery\/weinglaeser\/sdc10409.jpg\" title=\"&lt;span style=&quot;font-size: xx-small;&quot;&gt;Wieder in den Bergen&lt;\/span&gt;\" class=\"shutterset_set_1\" >\r\n\t\t\t\t\t\t\t\t<img title=\"Wieder in den Bergen\" alt=\"Wieder in den Bergen\" src=\"http:\/\/www.bonn-kocht.de\/wp-content\/gallery\/weinglaeser\/thumbs\/thumbs_sdc10409.jpg\" width=\"100\" height=\"75\" \/>\r\n\t\t\t\t\t\t\t<\/a>\r\n\t\t\t<span><span style=\"font-size: xx-small;\">Wieder in den Bergen<\/span><\/span>\r\n\t\t<\/div>\r\n\t<\/div>\r\n\t\t \t\t\r\n\t<div id=\"ngg-image-4\" class=\"ngg-gallery-thumbnail-box\"  >\r\n\t\t<div class=\"ngg-gallery-thumbnail\" >\r\n\t\t\t<a href=\"http:\/\/www.bonn-kocht.de\/wp-content\/gallery\/weinglaeser\/sdc14809.jpg\" title=\"&lt;span style=&quot;font-size: xx-small;&quot;&gt;Ribeauvill\u00e9 Elsass&lt;\/span&gt;\" class=\"shutterset_set_1\" >\r\n\t\t\t\t\t\t\t\t<img title=\"Ribeauvill\u00e9 Elsass\" alt=\"Ribeauvill\u00e9 Elsass\" src=\"http:\/\/www.bonn-kocht.de\/wp-content\/gallery\/weinglaeser\/thumbs\/thumbs_sdc14809.jpg\" width=\"100\" height=\"75\" \/>\r\n\t\t\t\t\t\t\t<\/a>\r\n\t\t\t<span><span style=\"font-size: xx-small;\">Ribeauvill\u00e9 Elsass<\/span><\/span>\r\n\t\t<\/div>\r\n\t<\/div>\r\n\t\t \t\t\r\n\t<div id=\"ngg-image-5\" class=\"ngg-gallery-thumbnail-box\"  >\r\n\t\t<div class=\"ngg-gallery-thumbnail\" >\r\n\t\t\t<a href=\"http:\/\/www.bonn-kocht.de\/wp-content\/gallery\/weinglaeser\/sdc14810.jpg\" title=\"&lt;span style=&quot;font-size: xx-small;&quot;&gt;Ribeauvill\u00e9 Elsass&lt;\/span&gt;\" class=\"shutterset_set_1\" >\r\n\t\t\t\t\t\t\t\t<img title=\"Ribeauvill\u00e9 Elsass\" alt=\"Ribeauvill\u00e9 Elsass\" src=\"http:\/\/www.bonn-kocht.de\/wp-content\/gallery\/weinglaeser\/thumbs\/thumbs_sdc14810.jpg\" width=\"100\" height=\"75\" \/>\r\n\t\t\t\t\t\t\t<\/a>\r\n\t\t\t<span><span style=\"font-size: xx-small;\">Ribeauvill\u00e9 Elsass<\/span><\/span>\r\n\t\t<\/div>\r\n\t<\/div>\r\n\t\t \t \t\r\n\t<!-- Pagination -->\r\n \t<div class='ngg-clear'><\/div>\n \t\r\n<\/div>\r\n\r\n\n","protected":false},"excerpt":{"rendered":"<p>Herrlich, wenn es drau\u00dfen hei\u00df ist und ein k\u00fchler Wei\u00dfwein ins Glas flie\u00dft. Anstatt zu tief ins Glas zu schauen, sehen wir lieber hindurch. Siehe da, die Welt steht auf dem Kopf. Hier findet sich eine wachsende Anzahl von Weinansichten. &hellip; <a href=\"http:\/\/www.bonn-kocht.de\/?page_id=280\">Weiterlesen <span class=\"meta-nav\">&rarr;<\/span><\/a><\/p>\n","protected":false},"author":1,"featured_media":0,"parent":67,"menu_order":0,"comment_status":"closed","ping_status":"closed","template":"","meta":{"_coblocks_attr":"","_coblocks_dimensions":"","_coblocks_responsive_height":"","_coblocks_accordion_ie_support":"","om_disable_all_campaigns":false,"_monsterinsights_skip_tracking":false,"_monsterinsights_sitenote_active":false,"_monsterinsights_sitenote_note":"","_monsterinsights_sitenote_category":0,"_s2mail":""},"aioseo_notices":[],"_links":{"self":[{"href":"http:\/\/www.bonn-kocht.de\/index.php?rest_route=\/wp\/v2\/pages\/280"}],"collection":[{"href":"http:\/\/www.bonn-kocht.de\/index.php?rest_route=\/wp\/v2\/pages"}],"about":[{"href":"http:\/\/www.bonn-kocht.de\/index.php?rest_route=\/wp\/v2\/types\/page"}],"author":[{"embeddable":true,"href":"http:\/\/www.bonn-kocht.de\/index.php?rest_route=\/wp\/v2\/users\/1"}],"replies":[{"embeddable":true,"href":"http:\/\/www.bonn-kocht.de\/index.php?rest_route=%2Fwp%2Fv2%2Fcomments&post=280"}],"version-history":[{"count":51,"href":"http:\/\/www.bonn-kocht.de\/index.php?rest_route=\/wp\/v2\/pages\/280\/revisions"}],"predecessor-version":[{"id":307,"href":"http:\/\/www.bonn-kocht.de\/index.php?rest_route=\/wp\/v2\/pages\/280\/revisions\/307"}],"up":[{"embeddable":true,"href":"http:\/\/www.bonn-kocht.de\/index.php?rest_route=\/wp\/v2\/pages\/67"}],"wp:attachment":[{"href":"http:\/\/www.bonn-kocht.de\/index.php?rest_route=%2Fwp%2Fv2%2Fmedia&parent=280"}],"curies":[{"name":"wp","href":"https:\/\/api.w.org\/{rel}","templated":true}]}}